{"id":19,"date":"2022-09-29T09:36:13","date_gmt":"2022-09-29T09:36:13","guid":{"rendered":"https:\/\/sanpatricio.cloud.nextbitness.com\/?p=19"},"modified":"2025-06-11T11:27:31","modified_gmt":"2025-06-11T16:27:31","slug":"development","status":"publish","type":"page","link":"https:\/\/sanpatricio.cloud.nextbitness.com\/?page_id=19","title":{"rendered":"San Patricio Smart Living"},"content":{"rendered":"<h1>San Patricio Smart Living<\/h1>\n<p><img decoding=\"async\" src=\"\/wp-content\/uploads\/2025\/05\/SPSL_DJI_0454-1-1.jpg\" alt=\"\"><br \/>\n<img decoding=\"async\" src=\"\/wp-content\/uploads\/2025\/05\/sky-view-03-1.jpg\" alt=\"\"><br \/>\n<img decoding=\"async\" src=\"\/wp-content\/uploads\/2025\/05\/sky-view-01-1.jpg\" alt=\"\"><br \/>\n<img decoding=\"async\" src=\"\/wp-content\/uploads\/2025\/05\/gardens-02-1.jpg\" alt=\"\"><br \/>\n<img decoding=\"async\" src=\"\/wp-content\/uploads\/2025\/05\/FACHADA-SKY-VIEW-2.png\" alt=\"\"><br \/>\n<img decoding=\"async\" src=\"\/wp-content\/uploads\/2025\/05\/quinde-colilargo-1.webp\" alt=\"\"><\/p>\n<h2>Smart Living<\/h2>\n<div>\n<h2>\u00bfQU\u00c9 NOS IMPULSA A CREAR<br \/>ESTE<span> <\/span><span>DESARROLLO URBAN\u00cdSTICO<\/span>?<\/h2>\n<\/div>\n<div>\n<div class=\"row-fluid-wrapper row-depth-1 row-number-7 dnd_area-row-3-max-width-section-centering dnd-section dnd_area-row-3-margin\">\n<div class=\"row-fluid \">\n<div class=\"span12 widget-span widget-type-cell cell_16869498625383-padding dnd-column\" data-widget-type=\"cell\" data-x=\"0\" data-w=\"12\">\n<div class=\"row-fluid-wrapper row-depth-1 row-number-8 dnd-row\">\n<div class=\"row-fluid \">\n<div class=\"span12 widget-span widget-type-custom_widget dnd-module\" data-widget-type=\"custom_widget\" data-x=\"0\" data-w=\"12\">\n<div id=\"hs_cos_wrapper_module_16869498625386\" class=\"hs_cos_wrapper hs_cos_wrapper_widget hs_cos_wrapper_type_module widget-type-rich_text\" data-hs-cos-general-type=\"widget\" data-hs-cos-type=\"module\">La sustentabilidad y el cuidado del medioambiente se encuentran en el centro de la filosof\u00eda de nuestro desarrollo. Vida al aire libre, diversidad de espacios verdes y servicios personalizados que brindan un nuevo significado al arte de habitar.<\/div>\n<\/div>\n<\/div>\n<\/div>\n<\/div>\n<\/div>\n<\/div>\n<\/div>\n<p><img decoding=\"async\" src=\"\/wp-content\/uploads\/2025\/05\/imagen1.png\" alt=\"\"><br \/>\n<img decoding=\"async\" src=\"\/wp-content\/uploads\/2025\/05\/imagen2.png\" alt=\"\"><br \/>\n<img decoding=\"async\" src=\"\/wp-content\/uploads\/2025\/05\/imagen3.png\" alt=\"\"><br \/>\n<img decoding=\"async\" src=\"\/wp-content\/uploads\/2025\/05\/imagen1.png\" alt=\"\"><br \/>\n<img decoding=\"async\" src=\"\/wp-content\/uploads\/2025\/05\/imagen2.png\" alt=\"\"><br \/>\n<img decoding=\"async\" src=\"\/wp-content\/uploads\/2025\/05\/imagen3.png\" alt=\"\"><br \/>\n<img decoding=\"async\" src=\"\/wp-content\/uploads\/2025\/06\/LOGO-ECOEFICIENCIA-SP.svg\" alt=\"\"><\/p>\n<h2>Creciendo juntos con la comunidad<\/h2>\n<div>Buscamos crear un desarrollo sustentable y sostenible en Cumbay\u00e1<\/div>\n<ul>\n<li>\n<p>        <img decoding=\"async\" src=\"\/wp-content\/uploads\/yootheme\/icon-spa.svg\" alt=\"\"><\/p>\n<h3>Planteamiento sostenible<\/h3>\n<div>\n<p>Nuestro proyecto se fundamenta en estrategias econ\u00f3micas, sociales y ambientales que garantizan un desarrollo saludable y ordenado a largo plazo.<\/p>\n<\/div>\n<\/li>\n<li>\n<p>        <img decoding=\"async\" src=\"\/wp-content\/uploads\/yootheme\/icon-restaurant.svg\" alt=\"\"><\/p>\n<h3>Preservaci\u00f3n de quebradas y quebradillas<\/h3>\n<div>\n<p>Priorizamos la conservaci\u00f3n y protecci\u00f3n de las quebradas presentes en el \u00e1rea de intervenci\u00f3n. Implementamos un plan de remediaci\u00f3n que incluye la siembra de especies nativas para estabilizar los taludes, recuperar el paisaje natural y fortalecer los servicios ambientales de las quebradas.<\/p>\n<\/div>\n<\/li>\n<li>\n<p>        <img decoding=\"async\" src=\"\/wp-content\/uploads\/yootheme\/icon-spa.svg\" alt=\"\"><\/p>\n<h3>Nivel forestal y paisajismo<\/h3>\n<div>\n<p>Construimos y adecuamos \u00e1reas verdes p\u00fablicas con un enfoque en la siembra de especies nativas. Implementamos un paisajismo sostenible de bajo mantenimiento que contribuye a la filtraci\u00f3n de CO2, producci\u00f3n de O2, proporcionando sombra y enfriamiento para sus usuarios. Con las \u00e1reas verdes p\u00fablicas, creamos un escal\u00f3n ecol\u00f3gico donde el desarrollo urbano se integra con los factores ecosist\u00e9micos de la naturaleza, creando servicios ambientales para aves e insectos polinizadores indispensables para un ecosistema saludable.<\/p>\n<\/div>\n<\/li>\n<li>\n<p>        <img decoding=\"async\" src=\"\/wp-content\/uploads\/yootheme\/icon-spa.svg\" alt=\"\"><\/p>\n<h3>Raleo forestal<\/h3>\n<div>\n<p>Realizamos una tala selectiva de \u00e1rboles enfermos, secos o muertos en un bosque de eucaliptos ex\u00f3ticos para prevenir incendios forestales y fomentar el crecimiento de \u00e1rboles nativos en el lugar, llevando a cabo campa\u00f1as de reforestaci\u00f3n.<\/p>\n<\/div>\n<\/li>\n<li>\n<p>        <img decoding=\"async\" src=\"\/wp-content\/uploads\/yootheme\/icon-spa.svg\" alt=\"\"><\/p>\n<h3>Arbolado urbano<\/h3>\n<div>\n<p>Sembramos \u00e1rboles nativos tanto en parques p\u00fablicos como en v\u00edas p\u00fablicas, proporcionando sombra, regulando la temperatura y contribuyendo al paisaje urbano.<\/p>\n<\/div>\n<\/li>\n<li>\n<p>        <img decoding=\"async\" src=\"\/wp-content\/uploads\/yootheme\/icon-meeting.svg\" alt=\"\"><\/p>\n<h3>Redes de alcantarillado p\u00fablico separado<\/h3>\n<div>\n<p>Implementamos sistemas de alcantarillado espec\u00edficos para separar las aguas lluvias de las aguas residuales, garantizando un manejo adecuado de los recursos h\u00eddricos.<\/p>\n<\/div>\n<\/li>\n<li>\n<p>        <img decoding=\"async\" src=\"\/wp-content\/uploads\/yootheme\/icon-meeting.svg\" alt=\"\"><\/p>\n<h3>Ahorro del recurso del agua<\/h3>\n<div>\n<p>Utilizamos sistemas de riego eco-eficientes mediante la recolecci\u00f3n de agua de lluvia en los parques p\u00fablicos con el fin de optimizar el uso del agua.<\/p>\n<\/div>\n<\/li>\n<li>\n<p>        <img decoding=\"async\" src=\"\/wp-content\/uploads\/yootheme\/icon-meeting.svg\" alt=\"\"><\/p>\n<h3>Planificaci\u00f3n a largo plazo<\/h3>\n<div>\n<p>El proyecto se ha planificado en fases a lo largo del tiempo, asegurando un desarrollo ordenado y sostenible que se ajuste a las necesidades de la poblaci\u00f3n y el entorno.<\/p>\n<\/div>\n<\/li>\n<\/ul>\n<h2>\n<h2>Otras contribuciones<\/h2>\n<\/h2>\n<div>\n<p>        <img decoding=\"async\" src=\"\/wp-content\/uploads\/2025\/05\/contribuciones-naturales.svg\" alt=\"\"><\/p>\n<div>\n<p>La naturaleza es nuestra prioridad. Trabajamos siempre en pos de la protecci\u00f3n. Es por ello que contamos con 10.042 m2 de \u00e1reas de conservaci\u00f3n en borde superior de la quebrada y un vivero de flora nativa para la reinserci\u00f3n.<\/p>\n<\/div>\n<\/div>\n<div>\n<p>        <img decoding=\"async\" src=\"\/wp-content\/uploads\/2025\/05\/contribuciones-movilidad.svg\" alt=\"\"><\/p>\n<div>\n<p><span>Trabajamos para que la movilidad de la comunidad sea c\u00f3moda, segura y accesible, a trav\u00e9s de senderos, ciclov\u00edas y v\u00edas de doble carril se\u00f1alizadas e iluminadas.<\/span><\/p>\n<\/div>\n<\/div>\n<div>\n<p>        <img decoding=\"async\" src=\"\/wp-content\/uploads\/2025\/05\/contribuciones-culturales.svg\" alt=\"\"><\/p>\n<div>\n<p><span>La comunidad es un eje del proyecto, por ello trabajamos en propuestas para unir a las personas y ofrecerles diferentes espacios destinados al v\u00ednculo, a la cultura y al ocio.<\/span><\/p>\n<\/div>\n<\/div>\n<div>Cont\u00e1ctanos<\/div>\n<div>\n<p>    <script type=\"module\">\n  import Typebot from 'https:\/\/cdn.jsdelivr.net\/npm\/@typebot.io\/js@0.3\/dist\/web.js';<\/p>\n<p>  Typebot.initStandard({ typebot: \"san-patricio-contacto-3cv4aqi\" });\n<\/script><\/p>\n<p><typebot-standard style=\"width: 100%; height: 400px; \"><\/typebot-standard>\n<\/div>\n<p><!--more--><br \/>\n<!-- {\"type\":\"layout\",\"children\":[{\"type\":\"section\",\"props\":{\"header_transparent\":true,\"header_transparent_noplaceholder\":true,\"header_transparent_text_color\":\"dark\",\"height\":\"viewport\",\"height_viewport\":400,\"image_position\":\"center-center\",\"padding\":\"xlarge\",\"padding_remove_top\":false,\"style\":\"muted\",\"title_breakpoint\":\"xl\",\"title_position\":\"top-left\",\"title_rotation\":\"left\",\"vertical_align\":\"\",\"width\":\"default\"},\"children\":[{\"type\":\"row\",\"children\":[{\"type\":\"column\",\"props\":{\"image_position\":\"center-center\",\"position_sticky\":\"section\",\"position_sticky_breakpoint\":\"\",\"position_sticky_offset\":\"50vh - 50%\"},\"children\":[{\"type\":\"headline\",\"props\":{\"content\":\"San Patricio Smart Living\",\"margin\":\"remove-vertical\",\"position\":\"relative\",\"position_z_index\":\"1\",\"text_align\":\"center\",\"title_element\":\"h1\",\"title_style\":\"heading-xlarge\"}},{\"type\":\"image\",\"props\":{\"animation\":\"parallax\",\"css\":\".el-image { max-width: 50vw; }\\n\\n@media (min-width:500px) and (max-width:700px) {\\n    .el-image {\\n        max-width: 30vw;\\n    }\\n}\",\"image\":\"wp-content\\\/uploads\\\/2025\\\/05\\\/SPSL_DJI_0454-1-1.jpg\",\"image_loading\":true,\"image_svg_color\":\"emphasis\",\"image_width\":\"390\",\"margin\":\"default\",\"parallax_easing\":\"0.4\",\"parallax_target\":\"!.uk-section\",\"parallax_y\":\"-300vh\",\"position\":\"absolute\",\"position_left\":\"-10vw\",\"position_top\":\"-5vh\"}},{\"type\":\"image\",\"props\":{\"animation\":\"parallax\",\"css\":\".el-image { max-width: 50vw; }\\n\\n@media (min-width:500px) and (max-width:700px) {\\n    .el-image {\\n        max-width: 25vw;\\n    }\\n}\",\"image\":\"wp-content\\\/uploads\\\/2025\\\/05\\\/sky-view-03-1.jpg\",\"image_loading\":true,\"image_svg_color\":\"emphasis\",\"image_width\":\"350\",\"margin\":\"default\",\"parallax_easing\":\"0.3\",\"parallax_target\":\"!.uk-section\",\"parallax_y\":\"-400vh\",\"parallax_zindex\":false,\"position\":\"absolute\",\"position_left\":\"5vw\",\"position_z_index\":\"2\",\"text_align\":\"right\"}},{\"type\":\"image\",\"props\":{\"animation\":\"parallax\",\"css\":\".el-image { max-width: 50vw; }\\n\\n@media (min-width:500px) and (max-width:700px) {\\n    .el-image {\\n        max-width: 25vw;\\n    }\\n}\",\"image\":\"wp-content\\\/uploads\\\/2025\\\/05\\\/sky-view-01-1.jpg\",\"image_box_decoration\":\"mask\",\"image_svg_color\":\"emphasis\",\"image_width\":\"270\",\"margin\":\"default\",\"parallax_easing\":\"0.6\",\"parallax_target\":\"!.uk-section\",\"parallax_y\":\"-350vh\",\"parallax_zindex\":false,\"position\":\"absolute\",\"position_bottom\":\"-70vh\",\"position_z_index\":\"0\",\"text_align\":\"center\"}},{\"type\":\"image\",\"props\":{\"animation\":\"parallax\",\"css\":\".el-image { max-width: 50vw; }\\n\\n@media (min-width:500px) and (max-width:700px) {\\n    .el-image {\\n        max-width: 25vw;\\n    }\\n}\",\"image\":\"wp-content\\\/uploads\\\/2025\\\/05\\\/gardens-02-1.jpg\",\"image_svg_color\":\"emphasis\",\"image_width\":\"450\",\"margin\":\"default\",\"parallax_easing\":\"0.3\",\"parallax_target\":\"!.uk-section\",\"parallax_y\":\"-400vh\",\"parallax_zindex\":false,\"position\":\"absolute\",\"position_bottom\":\"-170vh\",\"position_left\":\"-20vw\",\"position_z_index\":\"2\",\"text_align\":\"center\"}},{\"type\":\"image\",\"props\":{\"animation\":\"parallax\",\"css\":\".el-image { max-width: 50vw; }\\n\\n@media (min-width:500px) and (max-width:700px) {\\n    .el-image {\\n        max-width: 25vw;\\n    }\\n}\",\"image\":\"wp-content\\\/uploads\\\/2025\\\/05\\\/FACHADA-SKY-VIEW-2.png\",\"image_svg_color\":\"emphasis\",\"image_width\":\"350\",\"margin\":\"default\",\"parallax_easing\":\"0.8\",\"parallax_target\":\"!.uk-section\",\"parallax_y\":\"-280vh\",\"parallax_zindex\":false,\"position\":\"absolute\",\"position_bottom\":\"-160vh\",\"position_left\":\"15vw\",\"position_z_index\":\"0\",\"text_align\":\"center\"}},{\"type\":\"image\",\"props\":{\"animation\":\"parallax\",\"css\":\".el-image { max-width: 50vw; }\\n\\n@media (min-width:500px) and (max-width:700px) {\\n    .el-image {\\n        max-width: 35vw;\\n    }\\n}\",\"image\":\"wp-content\\\/uploads\\\/2025\\\/05\\\/quinde-colilargo-1.webp\",\"image_svg_color\":\"emphasis\",\"image_width\":\"650\",\"margin\":\"default\",\"parallax_easing\":\"0.3\",\"parallax_target\":\"!.uk-section\",\"parallax_y\":\"-420vh\",\"parallax_zindex\":false,\"position\":\"absolute\",\"position_bottom\":\"-270vh\",\"position_left\":\"-20vw\",\"position_z_index\":\"2\",\"text_align\":\"center\"}}]}]}],\"name\":\"Hero\"},{\"type\":\"section\",\"props\":{\"image_position\":\"center-center\",\"padding\":\"large\",\"padding_remove_bottom\":false,\"padding_remove_top\":false,\"style\":\"default\",\"title_breakpoint\":\"xl\",\"title_position\":\"top-left\",\"title_rotation\":\"left\",\"vertical_align\":\"\",\"width\":\"large\"},\"children\":[{\"type\":\"row\",\"children\":[{\"type\":\"column\",\"props\":{\"image_position\":\"center-center\",\"position_sticky_breakpoint\":\"m\"},\"children\":[{\"type\":\"headline\",\"props\":{\"content\":\"Smart Living\",\"margin_remove_bottom\":false,\"position\":\"relative\",\"position_z_index\":\"1\",\"title_color\":\"muted\",\"title_element\":\"h2\",\"title_style\":\"h6\"}},{\"type\":\"headline\",\"props\":{\"content\":\"\n\n<h2>\\u00bfQU\\u00c9 NOS IMPULSA A CREAR<br \\\/>ESTE<span> <\\\/span><span>DESARROLLO URBAN\\u00cdSTICO<\\\/span>?<\\\/h2>\",\"margin\":\"small\",\"margin_remove_top\":false,\"position\":\"relative\",\"position_z_index\":\"1\",\"title_element\":\"div\",\"title_style\":\"heading-small\"}},{\"type\":\"fragment\",\"props\":{\"margin\":\"default\"},\"children\":[{\"type\":\"row\",\"children\":[{\"type\":\"column\",\"props\":{\"image_position\":\"center-center\",\"position_sticky_breakpoint\":\"m\",\"style\":\"card-default\"},\"children\":[{\"type\":\"text\",\"props\":{\"column_breakpoint\":\"m\",\"content\":\"\n\n<div class=\\\"row-fluid-wrapper row-depth-1 row-number-7 dnd_area-row-3-max-width-section-centering dnd-section dnd_area-row-3-margin\\\">\\n\n\n<div class=\\\"row-fluid \\\">\\n\n\n<div class=\\\"span12 widget-span widget-type-cell cell_16869498625383-padding dnd-column\\\" data-widget-type=\\\"cell\\\" data-x=\\\"0\\\" data-w=\\\"12\\\">\\n\n\n<div class=\\\"row-fluid-wrapper row-depth-1 row-number-8 dnd-row\\\">\\n\n\n<div class=\\\"row-fluid \\\">\\n\n\n<div class=\\\"span12 widget-span widget-type-custom_widget dnd-module\\\" data-widget-type=\\\"custom_widget\\\" data-x=\\\"0\\\" data-w=\\\"12\\\">\\n\n\n<div id=\\\"hs_cos_wrapper_module_16869498625386\\\" class=\\\"hs_cos_wrapper hs_cos_wrapper_widget hs_cos_wrapper_type_module widget-type-rich_text\\\" data-hs-cos-general-type=\\\"widget\\\" data-hs-cos-type=\\\"module\\\">La sustentabilidad y el cuidado del medioambiente se encuentran en el centro de la filosof\\u00eda de nuestro desarrollo. Vida al aire libre, diversidad de espacios verdes y servicios personalizados que brindan un nuevo significado al arte de habitar.<\\\/div>\\n<\\\/div>\\n<\\\/div>\\n<\\\/div>\\n<\\\/div>\\n<\\\/div>\\n<\\\/div>\",\"margin\":\"default\"}}]}]}]}]}]},{\"type\":\"row\",\"props\":{\"margin\":\"xlarge\"},\"children\":[{\"type\":\"column\",\"props\":{\"image_position\":\"center-center\",\"position_sticky_breakpoint\":\"m\"},\"children\":[{\"type\":\"image\",\"props\":{\"animation\":\"parallax\",\"image\":\"wp-content\\\/uploads\\\/2025\\\/05\\\/imagen1.png\",\"image_svg_color\":\"emphasis\",\"image_width\":\"790\",\"margin\":\"default\",\"parallax_easing\":\"0.6\",\"parallax_transform_origin\":\"center-left\",\"parallax_y\":\"-15vh\",\"position\":\"relative\",\"position_bottom\":\"-5vh\",\"position_z_index\":\"0\",\"text_align\":\"left\",\"visibility\":\"l\"}},{\"type\":\"image\",\"props\":{\"animation\":\"parallax\",\"image\":\"wp-content\\\/uploads\\\/2025\\\/05\\\/imagen2.png\",\"image_box_decoration\":\"mask\",\"image_svg_color\":\"emphasis\",\"image_width\":\"280\",\"margin\":\"default\",\"parallax_easing\":\"0.5\",\"parallax_target\":\"!.uk-section\",\"parallax_y\":\"-30vh\",\"position\":\"absolute\",\"position_left\":\"5vw\",\"position_top\":\"35vh\",\"position_z_index\":\"3\",\"text_align\":\"center\",\"visibility\":\"l\"}},{\"type\":\"image\",\"props\":{\"animation\":\"parallax\",\"image\":\"wp-content\\\/uploads\\\/2025\\\/05\\\/imagen3.png\",\"image_svg_color\":\"emphasis\",\"image_width\":\"620\",\"margin\":\"default\",\"parallax_easing\":\"1\",\"parallax_y\":\"-15vh\",\"position\":\"absolute\",\"position_top\":\"-5vh\",\"position_z_index\":\"1\",\"text_align\":\"right\",\"visibility\":\"l\"}}]}]},{\"type\":\"row\",\"props\":{\"column_gap\":\"collapse\",\"layout\":\"1-3,1-3,1-3\",\"margin\":\"xlarge\",\"row_gap\":\"collapse\"},\"children\":[{\"type\":\"column\",\"props\":{\"image_position\":\"center-center\",\"position_sticky_breakpoint\":\"m\",\"vertical_align\":\"middle\",\"width_default\":\"1-5\",\"width_medium\":\"1-3\"},\"children\":[{\"type\":\"image\",\"props\":{\"animation\":\"parallax\",\"css\":\"@media (max-width: 768px) {\\n\\t.el-image { min-width: 40vw; }\\n}\",\"image\":\"wp-content\\\/uploads\\\/2025\\\/05\\\/imagen1.png\",\"image_svg_color\":\"emphasis\",\"image_width\":\"510\",\"margin\":\"default\",\"parallax_target\":\"!.uk-section\",\"parallax_transform_origin\":\"center-left\",\"parallax_y\":\"-30vh\",\"position\":\"absolute\",\"position_left\":\"5vw\",\"position_top\":\"5vh\",\"position_z_index\":\"3\",\"text_align\":\"center\",\"visibility\":\"hidden-l\"}}]},{\"type\":\"column\",\"props\":{\"image_position\":\"center-center\",\"position_sticky_breakpoint\":\"m\",\"vertical_align\":\"middle\",\"width_default\":\"3-5\",\"width_medium\":\"1-3\"},\"children\":[{\"type\":\"image\",\"props\":{\"image\":\"wp-content\\\/uploads\\\/2025\\\/05\\\/imagen2.png\",\"image_box_decoration\":\"mask\",\"image_svg_color\":\"emphasis\",\"image_width\":\"830\",\"margin\":\"default\",\"position\":\"relative\",\"position_z_index\":\"2\",\"text_align\":\"center\",\"visibility\":\"hidden-l\"}}]},{\"type\":\"column\",\"props\":{\"image_position\":\"center-center\",\"position_sticky_breakpoint\":\"m\",\"vertical_align\":\"middle\",\"width_default\":\"1-5\",\"width_medium\":\"1-3\"},\"children\":[{\"type\":\"image\",\"props\":{\"animation\":\"parallax\",\"css\":\"@media (max-width: 768px) {\\n\\t.el-image { min-width: 40vw; }\\n}\",\"image\":\"wp-content\\\/uploads\\\/2025\\\/05\\\/imagen3.png\",\"image_svg_color\":\"emphasis\",\"image_width\":\"670\",\"margin\":\"default\",\"parallax_target\":\"!.uk-section\",\"parallax_y\":\"-12vh\",\"position\":\"absolute\",\"position_left\":\"-8vw\",\"position_top\":\"-10vh\",\"position_z_index\":\"1\",\"text_align\":\"center\",\"visibility\":\"hidden-l\"}}]}]}],\"name\":\"Philosophy\"},{\"type\":\"section\",\"props\":{\"image_position\":\"center-center\",\"padding\":\"none\",\"padding_remove_bottom\":true,\"style\":\"muted\",\"title_breakpoint\":\"xl\",\"title_position\":\"top-left\",\"title_rotation\":\"left\",\"vertical_align\":\"\",\"width\":\"large\",\"width_expand\":\"left\"},\"children\":[{\"type\":\"row\",\"props\":{\"column_gap\":\"large\",\"layout\":\"3-5,2-5\",\"padding_remove_horizontal\":false,\"row_gap\":\"collapse\"},\"children\":[{\"type\":\"column\",\"props\":{\"image_position\":\"center-center\",\"padding\":\"large\",\"position_sticky\":\"column\",\"position_sticky_breakpoint\":\"s\",\"position_sticky_offset\":\"50vh - 50%\",\"style\":\"tile-muted\",\"width_large\":\"3-5\",\"width_medium\":\"1-2\",\"width_small\":\"1-2\"},\"children\":[{\"type\":\"image\",\"props\":{\"image\":\"wp-content\\\/uploads\\\/2025\\\/06\\\/LOGO-ECOEFICIENCIA-SP.svg\",\"image_svg_color\":\"emphasis\",\"image_width\":200,\"margin\":\"default\",\"text_align\":\"left\"}},{\"type\":\"headline\",\"props\":{\"block_align\":\"center\",\"content\":\"Creciendo juntos con la comunidad\",\"maxwidth\":\"large\",\"title_color\":\"muted\",\"title_element\":\"h2\",\"title_style\":\"h6\"}},{\"type\":\"headline\",\"props\":{\"block_align\":\"center\",\"content\":\"Buscamos crear un desarrollo sustentable y sostenible en Cumbay\\u00e1\",\"margin\":\"remove-vertical\",\"maxwidth\":\"large\",\"title_element\":\"div\",\"title_style\":\"h1\"}}]},{\"type\":\"column\",\"props\":{\"image_position\":\"center-center\",\"padding\":\"large\",\"position_sticky_breakpoint\":\"s\",\"position_sticky_offset\":\"50vh - 50%\",\"style\":\"tile-secondary\",\"width_large\":\"2-5\",\"width_medium\":\"1-2\",\"width_small\":\"1-2\"},\"children\":[{\"type\":\"grid\",\"props\":{\"content_column_breakpoint\":\"m\",\"filter_align\":\"left\",\"filter_all\":true,\"filter_grid_breakpoint\":\"m\",\"filter_grid_width\":\"auto\",\"filter_position\":\"top\",\"filter_style\":\"tab\",\"grid_column_gap\":\"large\",\"grid_default\":\"1\",\"grid_medium\":\"1\",\"grid_row_gap\":\"large\",\"grid_small\":\"1\",\"icon_width\":80,\"image_align\":\"top\",\"image_grid_breakpoint\":\"m\",\"image_grid_width\":\"1-2\",\"image_loading\":false,\"image_svg_animate\":true,\"image_svg_color\":\"secondary\",\"image_svg_inline\":true,\"image_width\":\"35\",\"item_animation\":true,\"lightbox_bg_close\":true,\"link_style\":\"default\",\"link_text\":\"Read more\",\"margin\":\"default\",\"meta_align\":\"below-title\",\"meta_element\":\"div\",\"meta_style\":\"text-meta\",\"parallax_easing\":\"1\",\"show_content\":true,\"show_hover_image\":true,\"show_hover_video\":true,\"show_image\":true,\"show_link\":true,\"show_meta\":true,\"show_title\":true,\"show_video\":true,\"title_align\":\"top\",\"title_color\":\"primary\",\"title_element\":\"h3\",\"title_grid_breakpoint\":\"m\",\"title_grid_width\":\"1-2\",\"title_hover_style\":\"reset\",\"title_margin\":\"small\",\"title_style\":\"h6\"},\"children\":[{\"type\":\"grid_item\",\"props\":{\"content\":\"\n\n<p>Nuestro proyecto se fundamenta en estrategias econ\\u00f3micas, sociales y ambientales que garantizan un desarrollo saludable y ordenado a largo plazo.<\\\/p>\",\"image\":\"wp-content\\\/uploads\\\/yootheme\\\/icon-spa.svg\",\"title\":\"Planteamiento sostenible\"}},{\"type\":\"grid_item\",\"props\":{\"content\":\"\n\n<p>Priorizamos la conservaci\\u00f3n y protecci\\u00f3n de las quebradas presentes en el \\u00e1rea de intervenci\\u00f3n. Implementamos un plan de remediaci\\u00f3n que incluye la siembra de especies nativas para estabilizar los taludes, recuperar el paisaje natural y fortalecer los servicios ambientales de las quebradas.<\\\/p>\",\"image\":\"wp-content\\\/uploads\\\/yootheme\\\/icon-restaurant.svg\",\"title\":\"Preservaci\\u00f3n de quebradas y quebradillas\"}},{\"type\":\"grid_item\",\"props\":{\"content\":\"\n\n<p>Construimos y adecuamos \\u00e1reas verdes p\\u00fablicas con un enfoque en la siembra de especies nativas. Implementamos un paisajismo sostenible de bajo mantenimiento que contribuye a la filtraci\\u00f3n de CO2, producci\\u00f3n de O2, proporcionando sombra y enfriamiento para sus usuarios. Con las \\u00e1reas verdes p\\u00fablicas, creamos un escal\\u00f3n ecol\\u00f3gico donde el desarrollo urbano se integra con los factores ecosist\\u00e9micos de la naturaleza, creando servicios ambientales para aves e insectos polinizadores indispensables para un ecosistema saludable.<\\\/p>\",\"image\":\"wp-content\\\/uploads\\\/yootheme\\\/icon-spa.svg\",\"title\":\"Nivel forestal y paisajismo\"}},{\"type\":\"grid_item\",\"props\":{\"content\":\"\n\n<p>Realizamos una tala selectiva de \\u00e1rboles enfermos, secos o muertos en un bosque de eucaliptos ex\\u00f3ticos para prevenir incendios forestales y fomentar el crecimiento de \\u00e1rboles nativos en el lugar, llevando a cabo campa\\u00f1as de reforestaci\\u00f3n.<\\\/p>\",\"image\":\"wp-content\\\/uploads\\\/yootheme\\\/icon-spa.svg\",\"title\":\"Raleo forestal\"}},{\"type\":\"grid_item\",\"props\":{\"content\":\"\n\n<p>Sembramos \\u00e1rboles nativos tanto en parques p\\u00fablicos como en v\\u00edas p\\u00fablicas, proporcionando sombra, regulando la temperatura y contribuyendo al paisaje urbano.<\\\/p>\",\"image\":\"wp-content\\\/uploads\\\/yootheme\\\/icon-spa.svg\",\"title\":\"Arbolado urbano\"}},{\"type\":\"grid_item\",\"props\":{\"content\":\"\n\n<p>Implementamos sistemas de alcantarillado espec\\u00edficos para separar las aguas lluvias de las aguas residuales, garantizando un manejo adecuado de los recursos h\\u00eddricos.<\\\/p>\",\"image\":\"wp-content\\\/uploads\\\/yootheme\\\/icon-meeting.svg\",\"title\":\"Redes de alcantarillado p\\u00fablico separado\"}},{\"type\":\"grid_item\",\"props\":{\"content\":\"\n\n<p>Utilizamos sistemas de riego eco-eficientes mediante la recolecci\\u00f3n de agua de lluvia en los parques p\\u00fablicos con el fin de optimizar el uso del agua.<\\\/p>\",\"image\":\"wp-content\\\/uploads\\\/yootheme\\\/icon-meeting.svg\",\"title\":\"Ahorro del recurso del agua\"}},{\"type\":\"grid_item\",\"props\":{\"content\":\"\n\n<p>El proyecto se ha planificado en fases a lo largo del tiempo, asegurando un desarrollo ordenado y sostenible que se ajuste a las necesidades de la poblaci\\u00f3n y el entorno.<\\\/p>\",\"image\":\"wp-content\\\/uploads\\\/yootheme\\\/icon-meeting.svg\",\"title\":\"Planificaci\\u00f3n a largo plazo\"}}]}]}]}],\"name\":\"Architect\"},{\"type\":\"section\",\"props\":{\"image_position\":\"center-center\",\"padding\":\"large\",\"padding_remove_top\":false,\"sticky\":\"reveal\",\"style\":\"default\",\"title_breakpoint\":\"xl\",\"title_position\":\"top-left\",\"title_rotation\":\"left\",\"vertical_align\":\"\",\"width\":\"large\"},\"children\":[{\"type\":\"row\",\"children\":[{\"type\":\"column\",\"props\":{\"image_position\":\"center-center\",\"position_sticky_breakpoint\":\"m\",\"vertical_align\":\"middle\"},\"children\":[{\"type\":\"headline\",\"props\":{\"block_align\":\"center\",\"content\":\"\n\n<h2>Otras contribuciones<\\\/h2>\",\"title_color\":\"emphasis\",\"title_element\":\"h2\",\"title_style\":\"h6\"}}]}]},{\"type\":\"row\",\"props\":{\"layout\":\"1-3,1-3,1-3\"},\"children\":[{\"type\":\"column\",\"props\":{\"image_position\":\"center-center\",\"position_sticky_breakpoint\":\"m\",\"width_medium\":\"1-3\"},\"children\":[{\"type\":\"panel\",\"props\":{\"content\":\"\n\n<p>La naturaleza es nuestra prioridad. Trabajamos siempre en pos de la protecci\\u00f3n. Es por ello que contamos con 10.042 m2 de \\u00e1reas de conservaci\\u00f3n en borde superior de la quebrada y un vivero de flora nativa para la reinserci\\u00f3n.<\\\/p>\",\"content_column_breakpoint\":\"m\",\"icon_width\":80,\"image\":\"wp-content\\\/uploads\\\/2025\\\/05\\\/contribuciones-naturales.svg\",\"image_align\":\"top\",\"image_grid_breakpoint\":\"m\",\"image_grid_width\":\"1-2\",\"image_svg_color\":\"emphasis\",\"link_style\":\"default\",\"link_text\":\"Read more\",\"margin\":\"default\",\"meta_align\":\"below-title\",\"meta_element\":\"div\",\"meta_style\":\"text-meta\",\"title_align\":\"top\",\"title_element\":\"h3\",\"title_grid_breakpoint\":\"m\",\"title_grid_width\":\"1-2\",\"title_hover_style\":\"reset\"}}]},{\"type\":\"column\",\"props\":{\"image_position\":\"center-center\",\"position_sticky_breakpoint\":\"m\",\"width_medium\":\"1-3\"},\"children\":[{\"type\":\"panel\",\"props\":{\"content\":\"\n\n<p><span>Trabajamos para que la movilidad de la comunidad sea c\\u00f3moda, segura y accesible, a trav\\u00e9s de senderos, ciclov\\u00edas y v\\u00edas de doble carril se\\u00f1alizadas e iluminadas.<\\\/span><\\\/p>\",\"content_column_breakpoint\":\"m\",\"icon_width\":80,\"image\":\"wp-content\\\/uploads\\\/2025\\\/05\\\/contribuciones-movilidad.svg\",\"image_align\":\"top\",\"image_grid_breakpoint\":\"m\",\"image_grid_width\":\"1-2\",\"image_svg_color\":\"emphasis\",\"link_style\":\"default\",\"link_text\":\"Read more\",\"margin\":\"default\",\"meta_align\":\"below-title\",\"meta_element\":\"div\",\"meta_style\":\"text-meta\",\"title_align\":\"top\",\"title_element\":\"h3\",\"title_grid_breakpoint\":\"m\",\"title_grid_width\":\"1-2\",\"title_hover_style\":\"reset\"}}]},{\"type\":\"column\",\"props\":{\"image_position\":\"center-center\",\"position_sticky_breakpoint\":\"m\",\"width_medium\":\"1-3\"},\"children\":[{\"type\":\"panel\",\"props\":{\"content\":\"\n\n<p><span>La comunidad es un eje del proyecto, por ello trabajamos en propuestas para unir a las personas y ofrecerles diferentes espacios destinados al v\\u00ednculo, a la cultura y al ocio.<\\\/span><\\\/p>\",\"content_column_breakpoint\":\"m\",\"icon_width\":80,\"image\":\"wp-content\\\/uploads\\\/2025\\\/05\\\/contribuciones-culturales.svg\",\"image_align\":\"top\",\"image_grid_breakpoint\":\"m\",\"image_grid_width\":\"1-2\",\"image_svg_color\":\"emphasis\",\"link_style\":\"default\",\"link_text\":\"Read more\",\"margin\":\"default\",\"meta_align\":\"below-title\",\"meta_element\":\"div\",\"meta_style\":\"text-meta\",\"title_align\":\"top\",\"title_element\":\"h3\",\"title_grid_breakpoint\":\"m\",\"title_grid_width\":\"1-2\",\"title_hover_style\":\"reset\"}}]}]}],\"name\":\"Facts and Numbers\"},{\"name\":\"Call to Action\",\"type\":\"section\",\"props\":{\"id\":\"contact\",\"image_position\":\"center-center\",\"image_size\":\"cover\",\"padding\":\"large\",\"padding_remove_bottom\":false,\"style\":\"muted\",\"title_breakpoint\":\"xl\",\"title_position\":\"top-left\",\"title_rotation\":\"left\",\"vertical_align\":\"\",\"width\":\"small\"},\"children\":[{\"type\":\"row\",\"children\":[{\"type\":\"column\",\"props\":{\"image_position\":\"center-center\",\"position_sticky_breakpoint\":\"m\",\"vertical_align\":\"middle\"},\"children\":[{\"type\":\"headline\",\"props\":{\"content\":\"Cont\\u00e1ctanos\",\"maxwidth\":\"2xlarge\",\"position\":\"relative\",\"position_z_index\":\"1\",\"title_element\":\"div\",\"title_style\":\"heading-medium\"}},{\"type\":\"html\",\"props\":{\"content\":\"<script type=\\\"module\\\">\\n  import Typebot from 'https:\\\/\\\/cdn.jsdelivr.net\\\/npm\\\/@typebot.io\\\/js@0.3\\\/dist\\\/web.js';\\n\\n  Typebot.initStandard({ typebot: \\\"san-patricio-contacto-3cv4aqi\\\" });\\n<\\\/script>\\n\\n<typebot-standard style=\\\"width: 100%; height: 400px; \\\"><\\\/typebot-standard>\"}}]}],\"props\":{\"column_gap\":\"collapse\"}}]}],\"version\":\"4.5.13\"} --><\/p>\n","protected":false},"excerpt":{"rendered":"<p>San Patricio Smart Living Smart Living \u00bfQU\u00c9 NOS IMPULSA A CREARESTE DESARROLLO URBAN\u00cdSTICO? La sustentabilidad y el cuidado del medioambiente se encuentran en el centro de la filosof\u00eda de nuestro desarrollo. Vida al aire libre, diversidad de espacios verdes y servicios personalizados que brindan un nuevo significado al arte de habitar. Creciendo juntos con la [&hellip;]<\/p>\n","protected":false},"author":1,"featured_media":0,"parent":0,"menu_order":1,"comment_status":"open","ping_status":"open","template":"","meta":{"_acf_changed":false,"footnotes":""},"class_list":["post-19","page","type-page","status-publish","hentry"],"acf":[],"_links":{"self":[{"href":"https:\/\/sanpatricio.cloud.nextbitness.com\/index.php?rest_route=\/wp\/v2\/pages\/19","targetHints":{"allow":["GET"]}}],"collection":[{"href":"https:\/\/sanpatricio.cloud.nextbitness.com\/index.php?rest_route=\/wp\/v2\/pages"}],"about":[{"href":"https:\/\/sanpatricio.cloud.nextbitness.com\/index.php?rest_route=\/wp\/v2\/types\/page"}],"author":[{"embeddable":true,"href":"https:\/\/sanpatricio.cloud.nextbitness.com\/index.php?rest_route=\/wp\/v2\/users\/1"}],"replies":[{"embeddable":true,"href":"https:\/\/sanpatricio.cloud.nextbitness.com\/index.php?rest_route=%2Fwp%2Fv2%2Fcomments&post=19"}],"version-history":[{"count":74,"href":"https:\/\/sanpatricio.cloud.nextbitness.com\/index.php?rest_route=\/wp\/v2\/pages\/19\/revisions"}],"predecessor-version":[{"id":2953,"href":"https:\/\/sanpatricio.cloud.nextbitness.com\/index.php?rest_route=\/wp\/v2\/pages\/19\/revisions\/2953"}],"wp:attachment":[{"href":"https:\/\/sanpatricio.cloud.nextbitness.com\/index.php?rest_route=%2Fwp%2Fv2%2Fmedia&parent=19"}],"curies":[{"name":"wp","href":"https:\/\/api.w.org\/{rel}","templated":true}]}}