{"id":3,"date":"2019-09-05T08:43:54","date_gmt":"2019-09-05T08:43:54","guid":{"rendered":"https:\/\/sanpatricio.cloud.nextbitness.com\/?p=3"},"modified":"2025-06-06T17:48:45","modified_gmt":"2025-06-06T22:48:45","slug":"contact","status":"publish","type":"page","link":"https:\/\/sanpatricio.cloud.nextbitness.com\/?page_id=3","title":{"rendered":"Contact"},"content":{"rendered":"<h1>Cont\u00e1ctanos<\/h1>\n<p><video src=\"\/wp-content\/uploads\/2025\/05\/Video-Home-Web-1-recortado.mp4\" poster=\"\"><\/video><\/p>\n<div>En San Patricio Smart Living creemos que el hogar es mucho m\u00e1s que un lugar: es un estilo de vida inteligente, sustentable y conectado con la naturaleza. Por eso queremos acompa\u00f1arte desde el primer momento.<\/div>\n<div>Escr\u00edbenos o vis\u00edtanos para agendar un recorrido personalizado, resolver todas tus preguntas y descubrir c\u00f3mo cada espacio desde los ciclopaseos y \u00e1reas verdes hasta las amenidades de nuestros proyectos est\u00e1 pensado para mejorar tu d\u00eda a d\u00eda y el de tu familia.<\/div>\n<div>Da el primer paso a una vida Smart.<\/div>\n<div>\n<p>    <script type=\"module\">\n  import Typebot from 'https:\/\/cdn.jsdelivr.net\/npm\/@typebot.io\/js@0.3\/dist\/web.js';<\/p>\n<p>  Typebot.initStandard({ typebot: \"san-patricio-contacto-3cv4aqi\" });\n<\/script><\/p>\n<p><typebot-standard style=\"width: 100%; height: 400px; \"><\/typebot-standard>\n<\/div>\n<h1><span>Ubicaci\u00f3n estrat\u00e9gica a\u00a0<\/span><span>12 minutos de la ciudad de Quito<\/span><\/h1>\n<div>\n<p>-0.2190482,-78.4443087<\/p>\n<\/div>\n<ul>\n<li>\n<h3>Ubicaci\u00f3n Sala de Ventas<\/h3>\n<div>\n<p><span>Calle Alfonso Lami\u00f1a, v\u00eda a Lumbisi, <\/span><span>diagonal al potrero, <\/span><span>Cumbay\u00e1, Ecuador<\/span><br \/>Tel\u00e9fono: <a href=\"tel:+593999331700\">099 933 1700<\/a><\/p>\n<p><a class=\"el-content uk-button uk-button-secondary uk-flex-inline uk-flex-center uk-flex-middle\" href=\"https:\/\/www.google.com\/maps?q=-0.21885038912296295,-78.4444808959961&amp;z=17&amp;hl=es\" target=\"_blank\" data-id=\"page#2-0-0-2-0\" rel=\"noopener\"> <span class=\"uk-margin-small-right uk-icon\" uk-icon=\"location\"><svg width=\"20\" height=\"20\" viewbox=\"0 0 20 20\"><path fill=\"none\" stroke=\"#000\" stroke-width=\"1.01\" d=\"M10,0.5 C6.41,0.5 3.5,3.39 3.5,6.98 C3.5,11.83 10,19 10,19 C10,19 16.5,11.83 16.5,6.98 C16.5,3.39 13.59,0.5 10,0.5 L10,0.5 Z\"><\/path><circle fill=\"none\" stroke=\"#000\" cx=\"10\" cy=\"6.8\" r=\"2.3\"><\/circle><\/svg><\/span> Ver ubicaci\u00f3n en Google Maps <\/a><\/p>\n<\/div>\n<\/li>\n<li>\n<h3>Ubicaci\u00f3n del proyecto<\/h3>\n<div>\n<p>Ruta Viva y Escal\u00f3n Lumbis\u00ed, 170157, Cumbay\u00e1. Ecuador<\/p>\n<p><a class=\"el-content uk-button uk-button-secondary uk-flex-inline uk-flex-center uk-flex-middle\" href=\"https:\/\/www.google.com\/maps\/place\/SAN+PATRICIO+SMART+LIVING\/@-0.2171839,-78.4467207,17z\/data=!3m1!4b1!4m6!3m5!1s0x91d59182bde89029:0x33919eb5733f2daa!8m2!3d-0.2171893!4d-78.444532!16s%2Fg%2F11rtqzwcf4?hl=es&amp;coh=164777&amp;entry=tt&amp;shorturl=1\" target=\"_blank\" data-id=\"page#2-0-0-2-0\"><br \/>\n        <span class=\"uk-margin-small-right uk-icon\" uk-icon=\"location\"><svg width=\"20\" height=\"20\" viewBox=\"0 0 20 20\"><path fill=\"none\" stroke=\"#000\" stroke-width=\"1.01\" d=\"M10,0.5 C6.41,0.5 3.5,3.39 3.5,6.98 C3.5,11.83 10,19 10,19 C10,19 16.5,11.83 16.5,6.98 C16.5,3.39 13.59,0.5 10,0.5 L10,0.5 Z\"><\/path><circle fill=\"none\" stroke=\"#000\" cx=\"10\" cy=\"6.8\" r=\"2.3\"><\/circle><\/svg><\/span><br \/>\n        Ver ubicaci\u00f3n en Google Maps    <\/p>\n<p><\/a><\/div>\n<\/li>\n<\/ul>\n<p><!--more--><br \/>\n<!-- {\"type\":\"layout\",\"children\":[{\"type\":\"section\",\"props\":{\"header_transparent\":true,\"header_transparent_noplaceholder\":false,\"header_transparent_text_color\":\"dark\",\"image_position\":\"center-center\",\"padding_remove_bottom\":false,\"padding_remove_top\":false,\"style\":\"default\",\"title_breakpoint\":\"xl\",\"title_position\":\"top-left\",\"title_rotation\":\"left\",\"vertical_align\":\"\",\"width\":\"expand\"},\"children\":[{\"type\":\"row\",\"children\":[{\"type\":\"column\",\"props\":{\"image_position\":\"center-center\",\"position_sticky_breakpoint\":\"m\"},\"children\":[{\"type\":\"headline\",\"props\":{\"content\":\"Cont\\u00e1ctanos\",\"position_z_index\":\"1\",\"text_align\":\"center\",\"title_element\":\"h1\",\"title_style\":\"heading-large\"}},{\"type\":\"video\",\"props\":{\"css\":\".el-element video { \\n    min-height: 70vh;\\n    width: 100%;\\n   \\tobject-fit: cover;\\n}\",\"margin\":\"default\",\"parallax_target\":\"!.uk-section\",\"position\":\"relative\",\"position_z_index\":\"0\",\"video\":\"wp-content\\\/uploads\\\/2025\\\/05\\\/Video-Home-Web-1-recortado.mp4\",\"video_autoplay\":\"inview\",\"video_controls\":false,\"video_height\":\"1280\",\"video_lazyload\":true,\"video_loop\":true,\"video_muted\":true,\"video_playsinline\":true,\"video_width\":\"2560\"}},{\"type\":\"fragment\",\"props\":{\"margin\":\"default\"},\"children\":[{\"type\":\"row\",\"props\":{\"layout\":\"1-2,1-2\"},\"children\":[{\"type\":\"column\",\"props\":{\"image_position\":\"center-center\",\"position_sticky_breakpoint\":\"m\",\"width_medium\":\"1-2\"},\"children\":[{\"type\":\"text\",\"props\":{\"column_breakpoint\":\"m\",\"content\":\"En San Patricio Smart Living creemos que el hogar es mucho m\\u00e1s que un lugar: es un estilo de vida inteligente, sustentable y conectado con la naturaleza. Por eso queremos acompa\\u00f1arte desde el primer momento.\",\"margin\":\"default\",\"text_align\":\"justify\"}}]},{\"type\":\"column\",\"props\":{\"image_position\":\"center-center\",\"position_sticky_breakpoint\":\"m\",\"width_medium\":\"1-2\"},\"children\":[{\"type\":\"text\",\"props\":{\"column_breakpoint\":\"m\",\"content\":\"Escr\\u00edbenos o vis\\u00edtanos para agendar un recorrido personalizado, resolver todas tus preguntas y descubrir c\\u00f3mo cada espacio desde los ciclopaseos y \\u00e1reas verdes hasta las amenidades de nuestros proyectos est\\u00e1 pensado para mejorar tu d\\u00eda a d\\u00eda y el de tu familia.\",\"margin\":\"default\",\"text_align\":\"justify\"}}]}]}]}]}],\"props\":{\"margin\":\"remove-vertical\",\"margin_remove_top\":false}}],\"name\":\"Hero\"},{\"type\":\"section\",\"props\":{\"image_position\":\"center-center\",\"padding\":\"xsmall\",\"padding_remove_top\":false,\"style\":\"muted\",\"title_breakpoint\":\"xl\",\"title_position\":\"top-left\",\"title_rotation\":\"left\",\"vertical_align\":\"\",\"width\":\"xlarge\"},\"children\":[{\"type\":\"row\",\"props\":{\"column_gap\":\"large\",\"row_gap\":\"large\",\"width\":\"xlarge\"},\"children\":[{\"type\":\"column\",\"props\":{\"image_position\":\"center-center\",\"position_sticky_breakpoint\":\"m\"},\"children\":[{\"type\":\"headline\",\"props\":{\"content\":\"Da el primer paso a una vida Smart.\",\"margin_remove_top\":true,\"title_element\":\"div\",\"title_style\":\"heading-medium\"}},{\"type\":\"html\",\"props\":{\"content\":\"<script type=\\\"module\\\">\\n  import Typebot from 'https:\\\/\\\/cdn.jsdelivr.net\\\/npm\\\/@typebot.io\\\/js@0.3\\\/dist\\\/web.js';\\n\\n  Typebot.initStandard({ typebot: \\\"san-patricio-contacto-3cv4aqi\\\" });\\n<\\\/script>\\n\\n<typebot-standard style=\\\"width: 100%; height: 400px; \\\"><\\\/typebot-standard>\"}}]}]}],\"name\":\"About\"},{\"type\":\"section\",\"props\":{\"image_position\":\"center-center\",\"style\":\"default\",\"title_breakpoint\":\"xl\",\"title_position\":\"top-left\",\"title_rotation\":\"left\",\"vertical_align\":\"middle\",\"width\":\"default\"},\"children\":[{\"type\":\"row\",\"children\":[{\"type\":\"column\",\"props\":{\"image_position\":\"center-center\",\"position_sticky_breakpoint\":\"m\"},\"children\":[{\"type\":\"headline\",\"props\":{\"content\":\"<span>Ubicaci\\u00f3n estrat\\u00e9gica a\\u00a0<\\\/span><span>12 minutos de la ciudad de Quito<\\\/span>\",\"title_element\":\"h1\"}},{\"type\":\"map\",\"props\":{\"controls\":true,\"dragging\":true,\"fit_bounds\":false,\"image_svg_color\":\"emphasis\",\"link_style\":\"default\",\"link_text\":\"Read more\",\"margin\":\"default\",\"max_zoom\":18,\"meta_align\":\"below-title\",\"meta_element\":\"div\",\"meta_style\":\"text-meta\",\"min_zoom\":0,\"poi\":false,\"show_content\":true,\"show_image\":true,\"show_link\":true,\"show_meta\":true,\"show_title\":true,\"title_element\":\"h3\",\"title_hover_style\":\"reset\",\"type\":\"roadmap\",\"zoom\":\"13\",\"zooming\":true},\"children\":[{\"type\":\"map_item\",\"props\":{\"location\":\"-0.2190482,-78.4443087\"}}]},{\"type\":\"accordion\",\"props\":{\"collapsible\":false,\"content_column_breakpoint\":\"m\",\"image_align\":\"top\",\"image_grid_breakpoint\":\"m\",\"image_grid_width\":\"1-2\",\"image_svg_color\":\"emphasis\",\"link_style\":\"default\",\"link_text\":\"Read more\",\"multiple\":true,\"show_image\":true,\"show_link\":true},\"children\":[{\"type\":\"accordion_item\",\"props\":{\"content\":\"\n\n<p><span>Calle Alfonso Lami\\u00f1a, v\\u00eda a Lumbisi, <\\\/span><span>diagonal al potrero, <\\\/span><span>Cumbay\\u00e1, Ecuador<\\\/span><br \\\/>Tel\\u00e9fono: <a href=\\\"tel:+593999331700\\\">099 933 1700<\\\/a><\\\/p>\\n\n\n<p><a class=\\\"el-content uk-button uk-button-secondary uk-flex-inline uk-flex-center uk-flex-middle\\\" href=\\\"https:\\\/\\\/www.google.com\\\/maps?q=-0.21885038912296295,-78.4444808959961&amp;z=17&amp;hl=es\\\" target=\\\"_blank\\\" data-id=\\\"page#2-0-0-2-0\\\" rel=\\\"noopener\\\"> <span class=\\\"uk-margin-small-right uk-icon\\\" uk-icon=\\\"location\\\"><svg width=\\\"20\\\" height=\\\"20\\\" viewbox=\\\"0 0 20 20\\\"><path fill=\\\"none\\\" stroke=\\\"#000\\\" stroke-width=\\\"1.01\\\" d=\\\"M10,0.5 C6.41,0.5 3.5,3.39 3.5,6.98 C3.5,11.83 10,19 10,19 C10,19 16.5,11.83 16.5,6.98 C16.5,3.39 13.59,0.5 10,0.5 L10,0.5 Z\\\"><\\\/path><circle fill=\\\"none\\\" stroke=\\\"#000\\\" cx=\\\"10\\\" cy=\\\"6.8\\\" r=\\\"2.3\\\"><\\\/circle><\\\/svg><\\\/span> Ver ubicaci\\u00f3n en Google Maps <\\\/a><\\\/p>\",\"title\":\"Ubicaci\\u00f3n Sala de Ventas\"}},{\"type\":\"accordion_item\",\"props\":{\"content\":\"\n\n<p>Ruta Viva y Escal\\u00f3n Lumbis\\u00ed, 170157, Cumbay\\u00e1. Ecuador<\\\/p>\\n\\n<a class=\\\"el-content uk-button uk-button-secondary uk-flex-inline uk-flex-center uk-flex-middle\\\" href=\\\"https:\\\/\\\/www.google.com\\\/maps\\\/place\\\/SAN+PATRICIO+SMART+LIVING\\\/@-0.2171839,-78.4467207,17z\\\/data=!3m1!4b1!4m6!3m5!1s0x91d59182bde89029:0x33919eb5733f2daa!8m2!3d-0.2171893!4d-78.444532!16s%2Fg%2F11rtqzwcf4?hl=es&amp;coh=164777&amp;entry=tt&amp;shorturl=1\\\" target=\\\"_blank\\\" data-id=\\\"page#2-0-0-2-0\\\">\\n        <span class=\\\"uk-margin-small-right uk-icon\\\" uk-icon=\\\"location\\\"><svg width=\\\"20\\\" height=\\\"20\\\" viewBox=\\\"0 0 20 20\\\"><path fill=\\\"none\\\" stroke=\\\"#000\\\" stroke-width=\\\"1.01\\\" d=\\\"M10,0.5 C6.41,0.5 3.5,3.39 3.5,6.98 C3.5,11.83 10,19 10,19 C10,19 16.5,11.83 16.5,6.98 C16.5,3.39 13.59,0.5 10,0.5 L10,0.5 Z\\\"><\\\/path><circle fill=\\\"none\\\" stroke=\\\"#000\\\" cx=\\\"10\\\" cy=\\\"6.8\\\" r=\\\"2.3\\\"><\\\/circle><\\\/svg><\\\/span>    \\n        Ver ubicaci\\u00f3n en Google Maps    \\n    \\n<\\\/a>\",\"title\":\"Ubicaci\\u00f3n del proyecto\"}}]}]}]}]}],\"version\":\"4.5.13\"} --><\/p>\n","protected":false},"excerpt":{"rendered":"<p>Cont\u00e1ctanos En San Patricio Smart Living creemos que el hogar es mucho m\u00e1s que un lugar: es un estilo de vida inteligente, sustentable y conectado con la naturaleza. Por eso queremos acompa\u00f1arte desde el primer momento. Escr\u00edbenos o vis\u00edtanos para agendar un recorrido personalizado, resolver todas tus preguntas y descubrir c\u00f3mo cada espacio desde los [&hellip;]<\/p>\n","protected":false},"author":1,"featured_media":0,"parent":0,"menu_order":4,"comment_status":"open","ping_status":"open","template":"","meta":{"_acf_changed":false,"footnotes":""},"class_list":["post-3","page","type-page","status-publish","hentry"],"acf":[],"_links":{"self":[{"href":"https:\/\/sanpatricio.cloud.nextbitness.com\/index.php?rest_route=\/wp\/v2\/pages\/3","targetHints":{"allow":["GET"]}}],"collection":[{"href":"https:\/\/sanpatricio.cloud.nextbitness.com\/index.php?rest_route=\/wp\/v2\/pages"}],"about":[{"href":"https:\/\/sanpatricio.cloud.nextbitness.com\/index.php?rest_route=\/wp\/v2\/types\/page"}],"author":[{"embeddable":true,"href":"https:\/\/sanpatricio.cloud.nextbitness.com\/index.php?rest_route=\/wp\/v2\/users\/1"}],"replies":[{"embeddable":true,"href":"https:\/\/sanpatricio.cloud.nextbitness.com\/index.php?rest_route=%2Fwp%2Fv2%2Fcomments&post=3"}],"version-history":[{"count":46,"href":"https:\/\/sanpatricio.cloud.nextbitness.com\/index.php?rest_route=\/wp\/v2\/pages\/3\/revisions"}],"predecessor-version":[{"id":2912,"href":"https:\/\/sanpatricio.cloud.nextbitness.com\/index.php?rest_route=\/wp\/v2\/pages\/3\/revisions\/2912"}],"wp:attachment":[{"href":"https:\/\/sanpatricio.cloud.nextbitness.com\/index.php?rest_route=%2Fwp%2Fv2%2Fmedia&parent=3"}],"curies":[{"name":"wp","href":"https:\/\/api.w.org\/{rel}","templated":true}]}}